{"id":146,"date":"2020-02-22T09:50:29","date_gmt":"2020-02-22T08:50:29","guid":{"rendered":"http:\/\/192.168.178.71\/?page_id=146"},"modified":"2026-03-02T18:43:22","modified_gmt":"2026-03-02T17:43:22","slug":"ffw-funktionaere-historie","status":"publish","type":"page","link":"https:\/\/www.pilgerndorf.de\/index.php\/ffw-funktionaere-historie\/","title":{"rendered":"Funktion\u00e4re Historie"},"content":{"rendered":"<h2 style=\"text-align: center;\"><strong>Freiwillige Feuerwehr Pilgerndorf e. V.<\/strong><\/h2>\n<h3 style=\"text-align: center;\">Funktion\u00e4re von der Gr\u00fcndung bis heute:<\/h3>\n<p>&nbsp;<\/p>\n<h4><strong><u>1. Vorsitzender:<\/u><\/strong><\/h4>\n<table style=\"border-collapse: collapse; width: 100%; border-width: 0px;\">\n<tbody>\n<tr>\n<td style=\"width: 120px; border-width: 0px;\">1960-1984<\/td>\n<td style=\"border-width: 0px;\">Edmund Schreiber<\/td>\n<\/tr>\n<tr>\n<td style=\"width: 120px%; border-width: 0px;\">1984-2008<\/td>\n<td style=\"border-width: 0px;\">Josef Wolf<\/td>\n<\/tr>\n<tr>\n<td style=\"width: 120px%; border-width: 0px;\">2008-heute<\/td>\n<td style=\"border-width: 0px;\">Volker Stolbinger<\/td>\n<\/tr>\n<\/tbody>\n<\/table>\n<p>&nbsp;<\/p>\n<h4><strong><u>2. Vorsitzender:<\/u><\/strong><\/h4>\n<table style=\"border-collapse: collapse; width: 100%; border-width: 0px;\">\n<tbody>\n<tr>\n<td style=\"width: 120px; border-width: 0px;\">1984-2008<\/td>\n<td style=\"border-width: 0px;\">Heinrich Stolbinger<\/td>\n<\/tr>\n<tr>\n<td style=\"width: 120px%; border-width: 0px;\">2008-2020<\/td>\n<td style=\"border-width: 0px;\">Stefan Kaupper<\/td>\n<\/tr>\n<tr>\n<td style=\"width: 120px%; border-width: 0px;\">2020-heute<\/td>\n<td style=\"border-width: 0px;\">Anja Fischer<\/td>\n<\/tr>\n<\/tbody>\n<\/table>\n<p>&nbsp;<\/p>\n<h4><strong><u>Kassier:<\/u><\/strong><\/h4>\n<table style=\"border-collapse: collapse; width: 100%; border-width: 0px;\">\n<tbody>\n<tr>\n<td style=\"width: 120px; border-width: 0px;\">1984-2008<\/td>\n<td style=\"border-width: 0px;\">Reinhold Will<\/td>\n<\/tr>\n<tr>\n<td style=\"width: 120px; border-width: 0px;\">2008-2014<\/td>\n<td style=\"border-width: 0px;\">Marco B\u00e4uerlein<\/td>\n<\/tr>\n<tr>\n<td style=\"width: 120px%; border-width: 0px;\">2014-2020<\/td>\n<td style=\"border-width: 0px;\">Frank Stolbinger<\/td>\n<\/tr>\n<tr>\n<td style=\"width: 120px%; border-width: 0px;\">2020-heute<\/td>\n<td style=\"border-width: 0px;\">Steffen B\u00e4uerlein<\/td>\n<\/tr>\n<\/tbody>\n<\/table>\n<p>&nbsp;<\/p>\n<h4><strong><u>Schriftf\u00fchrer:<\/u><\/strong><\/h4>\n<table style=\"border-collapse: collapse; width: 100%; border-width: 0px;\">\n<tbody>\n<tr>\n<td style=\"width: 120px; border-width: 0px;\">1984-2008<\/td>\n<td style=\"border-width: 0px;\">Reinhold Will<\/td>\n<\/tr>\n<tr>\n<td style=\"width: 120px; border-width: 0px;\">2008-2011<\/td>\n<td style=\"border-width: 0px;\">Marco B\u00e4uerlein<\/td>\n<\/tr>\n<tr>\n<td style=\"width: 120px%; border-width: 0px;\">2011-2020<\/td>\n<td style=\"border-width: 0px;\">Anja Fischer<\/td>\n<\/tr>\n<tr>\n<td style=\"width: 120px%; border-width: 0px;\">2020-2026<\/td>\n<td style=\"border-width: 0px;\">Linda K\u00fchlwein<\/td>\n<\/tr>\n<td style=\"width: 120px%; border-width: 0px;\">2026-heute<\/td>\n<td style=\"border-width: 0px;\">Lena Reischl<\/td>\n<\/tr>\n<\/tbody>\n<\/table>\n<hr \/>\n<h4><strong><u>1. Kommandant:<\/u><\/strong><\/h4>\n<table style=\"border-collapse: collapse; width: 100%; border-width: 0px;\">\n<tbody>\n<tr>\n<td style=\"width: 120px; border-width: 0px;\">1951-1960<\/td>\n<td style=\"border-width: 0px;\">Stephan Kaupper<\/td>\n<\/tr>\n<tr>\n<td style=\"width: 120px%; border-width: 0px;\">1960-1984<\/td>\n<td style=\"border-width: 0px;\">Edmund Schreiber<\/td>\n<\/tr>\n<tr>\n<td style=\"width: 120px%; border-width: 0px;\">1984-1990<\/td>\n<td style=\"border-width: 0px;\">Gustav Schwarzmann<\/td>\n<\/tr>\n<tr>\n<td style=\"width: 120px%; border-width: 0px;\">1990-1996<\/td>\n<td style=\"border-width: 0px;\">Alfred Kolb<\/td>\n<\/tr>\n<tr>\n<td style=\"width: 120px%; border-width: 0px;\">1996-2020<\/td>\n<td style=\"border-width: 0px;\">Dietmar Schreiber<\/td>\n<\/tr>\n<tr>\n<td style=\"width: 120px%; border-width: 0px;\">2020-2023<\/td>\n<td style=\"border-width: 0px;\">Markus Wolf<\/td>\n<\/tr>\n<\/tbody>\n<\/table>\n<p>Am 23.06.2023 fusionierten die aktiven Wehren aus Pilgerndorf und Sch\u00f6nfeld zur Freiwilligen Feuerwehr Pilgerndorf-Sch\u00f6nfeld.<\/p>\n<p>Die Funktion\u00e4re der aktiven Feuerwehr Pilgerndorf-Sch\u00f6nfeld k\u00f6nnen unter &#8222;Aktive Feuerwehr&#8220; =&gt; &#8222;Funktion\u00e4re&#8220; eingesehen werden.<\/p>\n<h4><strong><u>2. Kommandant:<\/u><\/strong><\/h4>\n<table style=\"border-collapse: collapse; width: 100%; border-width: 0px;\">\n<tbody>\n<tr>\n<td style=\"width: 120px; border-width: 0px;\">1951-1960<\/td>\n<td style=\"border-width: 0px;\">Karl Degen<\/td>\n<\/tr>\n<tr>\n<td style=\"width: 120px%; border-width: 0px;\">1960-1965<\/td>\n<td style=\"border-width: 0px;\">Stephan Kaupper<\/td>\n<\/tr>\n<tr>\n<td style=\"width: 120px%; border-width: 0px;\">1985-1978<\/td>\n<td style=\"border-width: 0px;\">Johann Baumg\u00e4rtner<\/td>\n<\/tr>\n<tr>\n<td style=\"width: 120px%; border-width: 0px;\">1978-1984<\/td>\n<td style=\"border-width: 0px;\">Richard Seeber<\/td>\n<\/tr>\n<tr>\n<td style=\"width: 120px%; border-width: 0px;\">1984-1990<\/td>\n<td style=\"border-width: 0px;\">Edmund Schreiber<\/td>\n<\/tr>\n<tr>\n<td style=\"width: 120px%; border-width: 0px;\">1990-1996<\/td>\n<td style=\"border-width: 0px;\">Franz Wolf<\/td>\n<\/tr>\n<tr>\n<td style=\"width: 120px%; border-width: 0px;\">1996-2008<\/td>\n<td style=\"border-width: 0px;\">Arthur Reischl<\/td>\n<\/tr>\n<tr>\n<td style=\"width: 120px%; border-width: 0px;\">2008-2014<\/td>\n<td style=\"border-width: 0px;\">Frank Stolbinger<\/td>\n<\/tr>\n<tr>\n<td style=\"width: 120px%; border-width: 0px;\">2014-2020<\/td>\n<td style=\"border-width: 0px;\">Stefan Wolf<\/td>\n<\/tr>\n<tr>\n<td style=\"width: 120px%; border-width: 0px;\">2020-2023<\/td>\n<td style=\"border-width: 0px;\">Dietmar Schreiber<\/td>\n<\/tr>\n<\/tbody>\n<\/table>\n<p>Am 23.06.2023 fusionierten die aktiven Wehren aus Pilgerndorf und Sch\u00f6nfeld zur Freiwilligen Feuerwehr Pilgerndorf-Sch\u00f6nfeld.<\/p>\n<p>Die Funktion\u00e4re der aktiven Feuerwehr Pilgerndorf-Sch\u00f6nfeld k\u00f6nnen unter &#8222;Aktive Feuerwehr&#8220; =&gt; &#8222;Funktion\u00e4re&#8220; eingesehen werden.<\/p>\n","protected":false},"excerpt":{"rendered":"<p>Freiwillige Feuerwehr Pilgerndorf e. V. Funktion\u00e4re von der Gr\u00fcndung bis heute: &nbsp; 1. Vorsitzender: 1960-1984 Edmund Schreiber 1984-2008 Josef Wolf 2008-heute Volker Stolbinger &nbsp; 2. Vorsitzender: 1984-2008 Heinrich Stolbinger 2008-2020 Stefan Kaupper 2020-heute Anja Fischer &nbsp; Kassier: 1984-2008 Reinhold Will 2008-2014 Marco B\u00e4uerlein 2014-2020 Frank Stolbinger 2020-heute Steffen B\u00e4uerlein &nbsp; Schriftf\u00fchrer: 1984-2008 Reinhold Will 2008-2011 [&hellip;]<\/p>\n","protected":false},"author":1,"featured_media":0,"parent":0,"menu_order":0,"comment_status":"closed","ping_status":"closed","template":"","meta":{"site-sidebar-layout":"default","site-content-layout":"default","ast-site-content-layout":"default","site-content-style":"default","site-sidebar-style":"default","ast-global-header-display":"","ast-banner-title-visibility":"","ast-main-header-display":"","ast-hfb-above-header-display":"","ast-hfb-below-header-display":"","ast-hfb-mobile-header-display":"","site-post-title":"","ast-breadcrumbs-content":"","ast-featured-img":"","footer-sml-layout":"","ast-disable-related-posts":"","theme-transparent-header-meta":"default","adv-header-id-meta":"","stick-header-meta":"","header-above-stick-meta":"","header-main-stick-meta":"","header-below-stick-meta":"","astra-migrate-meta-layouts":"set","ast-page-background-enabled":"default","ast-page-background-meta":{"desktop":{"background-color":"","background-image":"","background-repeat":"repeat","background-position":"center center","background-size":"auto","background-attachment":"scroll","background-type":"","background-media":"","overlay-type":"","overlay-color":"","overlay-opacity":"","overlay-gradient":""},"tablet":{"background-color":"","background-image":"","background-repeat":"repeat","background-position":"center center","background-size":"auto","background-attachment":"scroll","background-type":"","background-media":"","overlay-type":"","overlay-color":"","overlay-opacity":"","overlay-gradient":""},"mobile":{"background-color":"","background-image":"","background-repeat":"repeat","background-position":"center center","background-size":"auto","background-attachment":"scroll","background-type":"","background-media":"","overlay-type":"","overlay-color":"","overlay-opacity":"","overlay-gradient":""}},"ast-content-background-meta":{"desktop":{"background-color":"var(--ast-global-color-5)","background-image":"","background-repeat":"repeat","background-position":"center center","background-size":"auto","background-attachment":"scroll","background-type":"","background-media":"","overlay-type":"","overlay-color":"","overlay-opacity":"","overlay-gradient":""},"tablet":{"background-color":"var(--ast-global-color-5)","background-image":"","background-repeat":"repeat","background-position":"center center","background-size":"auto","background-attachment":"scroll","background-type":"","background-media":"","overlay-type":"","overlay-color":"","overlay-opacity":"","overlay-gradient":""},"mobile":{"background-color":"var(--ast-global-color-5)","background-image":"","background-repeat":"repeat","background-position":"center center","background-size":"auto","background-attachment":"scroll","background-type":"","background-media":"","overlay-type":"","overlay-color":"","overlay-opacity":"","overlay-gradient":""}},"footnotes":""},"class_list":["post-146","page","type-page","status-publish","hentry"],"_links":{"self":[{"href":"https:\/\/www.pilgerndorf.de\/index.php\/wp-json\/wp\/v2\/pages\/146","targetHints":{"allow":["GET"]}}],"collection":[{"href":"https:\/\/www.pilgerndorf.de\/index.php\/wp-json\/wp\/v2\/pages"}],"about":[{"href":"https:\/\/www.pilgerndorf.de\/index.php\/wp-json\/wp\/v2\/types\/page"}],"author":[{"embeddable":true,"href":"https:\/\/www.pilgerndorf.de\/index.php\/wp-json\/wp\/v2\/users\/1"}],"replies":[{"embeddable":true,"href":"https:\/\/www.pilgerndorf.de\/index.php\/wp-json\/wp\/v2\/comments?post=146"}],"version-history":[{"count":21,"href":"https:\/\/www.pilgerndorf.de\/index.php\/wp-json\/wp\/v2\/pages\/146\/revisions"}],"predecessor-version":[{"id":818,"href":"https:\/\/www.pilgerndorf.de\/index.php\/wp-json\/wp\/v2\/pages\/146\/revisions\/818"}],"wp:attachment":[{"href":"https:\/\/www.pilgerndorf.de\/index.php\/wp-json\/wp\/v2\/media?parent=146"}],"curies":[{"name":"wp","href":"https:\/\/api.w.org\/{rel}","templated":true}]}}